{"version":"1.0","provider_name":"Szerintem...","provider_url":"https:\/\/szerintem.cafeblog.hu","author_name":"k\u00f6k\u00e9ny","author_url":"https:\/\/szerintem.cafeblog.hu\/author\/kokeny\/","title":"Pirosbet\u0171s \u00fcnnep","html":"<p class=\"MsoNormal\" style=\"margin:0 0 10pt\"><font face=\"Calibri\" size=\"3\">M\u00e9g eml\u00e9kszem a tilt\u00e1s \u00edz\u00e9re<br \/> Eml\u00e9kszem a z\u00e1szl\u00f3k sz\u00edn\u00e9re<br \/> \u00c9rzem a dalok ritmus\u00e1t<br \/> Hallom a t\u00f6meg rigmus\u00e1t<\/font><\/p> <p class=\"MsoNormal\" style=\"margin:0 0 10pt\"><font face=\"Calibri\" size=\"3\">R\u00e9gi napt\u00e1rban csak egy nap<br \/> Nap mely csak a versekben szabad<br \/> A szabads\u00e1g trikolor z\u00e1szlaj\u00e1t lengette <br \/> A hatalom f\u00e1j\u00f3 gumibotj\u00e1t lend\u00edtette<\/font><\/p> <p class=\"MsoNormal\" style=\"margin:0 0 10pt\"><font face=\"Calibri\" size=\"3\">Nem f\u00e9lt\u00fcnk, b\u00e1r kellett volna<br \/> Nem hallgattunk, b\u00e1r kellett volna<br \/> Nem szaladtunk, b\u00e1r kellett volna<br \/> Nem harcoltunk, b\u00e1r kellett volna<\/font><\/p> <p class=\"MsoNormal\" style=\"margin:0 0 10pt\"><font face=\"Calibri\" size=\"3\">A m\u00e9csesn\u00e9l m\u00e9g egy\u00fctt voltunk<br \/> A szoborn\u00e1l m\u00e9g egy\u00fctt sz\u00f3ltunk<br \/> A L\u00e1nch\u00eddn\u00e1l m\u00e9g egy\u00fctt v\u00e9rezt\u00fcnk<br \/> A fogd\u00e1ban m\u00e9g egy\u00fctt \u00e9hezt\u00fcnk<\/font><\/p> <p class=\"MsoNormal\" style=\"margin:0 0 10pt\"><font face=\"Calibri\" size=\"3\">Hol vagytok ti r\u00e9gi bar\u00e1tok?<br \/> Mi\u00e9rt egym\u00e1st marj\u00e1tok?<br \/> C\u00e9lunk \u00e9s jelszavunk a r\u00e9gi<br \/> S ma m\u00e1r piros bet\u0171 is v\u00e9di<\/font><\/p> <p><span style=\"font-size:11pt;line-height:115%;font-family:Calibri,sans-serif\">Kit\u0171rt feh\u00e9r ingben<br \/> A sz\u00edvem felett kok\u00e1rda<br \/> A sz\u00edvemben az \u00e9des sz\u00f3<br \/> Mely\u00e9rt \u00e9lni s halni j\u00f3<br \/> <br \/> <\/span><\/p>","type":"rich"}