{"version":"1.0","provider_name":"Szerintem...","provider_url":"https:\/\/szerintem.cafeblog.hu","author_name":"k\u00f6k\u00e9ny","author_url":"https:\/\/szerintem.cafeblog.hu\/author\/kokeny\/","title":"Tomcat \u00e9s t\u00f6bb sz\u00e1z Jerrymouse","html":"<p><!--[if gte mso 9]&gt;-->\n\n  Normal\n  0\n\n\n  21\n\n\n  false\n  false\n  false\n\n  HU\n  X-NONE\n  X-NONE\n\n\n\n\n\n\n\n\n\n\n\n\n\n  MicrosoftInternetExplorer4\n\n\n\n\n\n\n\n\n\n\n\n\n\n<!--[if gte mso 9]&gt;&lt;![endif]-->\n\n<!--[if gte mso 10]&gt;-->\n\n \/* Style Definitions *\/\n table.MsoNormalTable\n\t{mso-style-name:\"Norm\u00e1l t\u00e1bl\u00e1zat\";\n\tmso-style-parent:\"\";\n\tline-height:115%;\n\tfont-size:11.0pt;\"Calibri\",\"sans-serif\";\n\tmso-fareast-\"Times New Roman\";}\n\n  <\/p><h3><span>Megfutam\u00edtottuk a sz\u00e9ls\u0151jobb &bdquo;katon\u00e1it&rdquo;.<\/span><\/h3><blockquote><!--more--><\/blockquote>  <p><span><br \/>D\u00e9lut\u00e1n negyed \u00f6t. J\u00e1szai Mari t\u00e9ri villamosmeg\u00e1ll\u00f3. Sehol senki. Fiatal bar\u00e1taim v\u00e1rnak, hogy szembemenj\u00fcnk a t\u00e9r m\u00e1sik fel\u00e9n magabiztosan gy\u00fclekez\u0151 neon\u00e1ci fekete sereggel. Finoman sz\u00f3lva \u00f6ngyilkoss\u00e1gra k\u00e9sz\u00fcl\u00fcnk. Rezes t\u00e1masztja a falat a meki mellett. Frissen borotv\u00e1lva alig ismertem meg. Az ifjak vakmer\u0151s\u00e9ge hat\u00e1rtalan. Odamennek az oroszl\u00e1n barlangj\u00e1hoz. F\u00e9ltem \u0151ket. Szem el\u0151l vesz\u00edtem \u0151ket. Egy szakasznyi rend\u0151r figyeli az esem\u00e9nyeket.<\/span><\/p>  <p><span>Cs\u00f6r\u00f6g a telefonom. Ir\u00e1ny a jegyiroda. A meglepet\u00e9s nem kicsi. K\u00f6zel f\u00e9lsz\u00e1z ember z\u00e1rja el az utat. Hatalmas \u00e9s csendes er\u0151. Csod\u00e1latos \u00e9rz\u00e9s. Rezes nem hisz a szem\u00e9nek. A t\u00f6meg halkan besz\u00e9lgetve dagad. A rend\u0151r\u00f6k k\u00e9rik \u0151ket, hogy hagyj\u00e1k el a nem bejelentett rendezv\u00e9nyt. A troli nem j\u00e1r. Ismer\u0151s arcok. Ismert arcok. V\u00e9gre egy\u00fctt.<\/span><\/p>  <p><span>A sz\u00f6k\u0151k\u00fat fel\u0151l \u00e9rkez\u0151 kopaszok megdermednek a t\u00f6meg l\u00e1tt\u00e1n. Nem \u00e9rtik mi t\u00f6rt\u00e9nik. Lass\u00edtj\u00e1k l\u00e9pteiket. Magabiztoss\u00e1guk riadts\u00e1gba csap \u00e1t. Nincsenek ehhez szokva. Hangork\u00e1n s\u00f6pri ki \u0151ket az utc\u00e1b\u00f3l. V\u00e1laszuk halk \u00e9s er\u0151tlen, Mint mindig most is nagyobb a f\u00fcstj\u00fck, mint a l\u00e1ngjuk. <\/span><\/p>  <p><span>A f\u0151szervez\u0151 egy emeleti erk\u00e9lyre menek\u00fcl \u00e9s onnan kamer\u00e1zza az egyre csak n\u00f6vekv\u0151 t\u00f6meget. T\u00f6bben felkiab\u00e1lnak neki, hogy ugorjon, de nem ehhez sincs b\u00e1tors\u00e1ga, pedig t\u00f6bben meg\u00edg\u00e9rik neki, hogy elkapj\u00e1k. A t\u00f6meg nem akarja mag\u00e1ra hagyni a boltot. A boltot, ami jelk\u00e9p lett. Kinek ennek, kinek annak a jelk\u00e9pe.<\/span><\/p>  <p><span>Ma d\u00e9lut\u00e1n nem az es\u0151 mosta el a sz\u00e9ls\u0151 jobb er\u0151demonstr\u00e1ci\u00f3j\u00e1t, hanem a csendes t\u00f6bbs\u00e9g. Most m\u00e1r \u00e9rtitek, hogy lehet ezt m\u00e1sk\u00e9pp is? Nem engedve a terrornak \u00e9s a fasizmusnak. Nem er\u0151b\u0151l. Ez rem\u00e9lem j\u00f3 lecke volt mindenkinek. Ott a hely\u00fcnk, ha er\u0151demonstr\u00e1ci\u00f3ra k\u00e9sz\u00fclnek a fasiszt\u00e1k. Csendesen, de hat\u00e1rozott er\u0151vel kell jelen lenni. Halkan, de \u00f6ntudatosan kell szembe n\u00e9zni vel\u00fck, hogy \u00e9rezz\u00e9k a j\u00f3indulat\u00fa embert\u00f6meg els\u00f6pr\u0151 erej\u00e9t.<\/span><\/p>  <div>Szerintem&hellip;<\/div>  <div style=\"text-align:right\">\/ Bocs Rezes! \/<\/div>  <p>&nbsp;<\/p>","type":"rich"}