{"version":"1.0","provider_name":"Szerintem...","provider_url":"https:\/\/szerintem.cafeblog.hu","author_name":"k\u00f6k\u00e9ny","author_url":"https:\/\/szerintem.cafeblog.hu\/author\/kokeny\/","title":"Te tudod, mire szavazt\u00e1l?","html":"<h3><img style=\"width:144px;height:119px\" src=\"https:\/\/szerintem.cafeblog.hu\/files\/2009\/06\/unio.jpg\" alt=\"\" \/><\/h3>\n<blockquote>\n<h3>Persze, hogy tudod melyik list\u00e1ra.<\/h3>\n<h3>De azt tudod-e, hogy kik \u00e9s mik vannak a nevek m\u00f6g\u00f6tt.<\/h3>\n<!--more--><\/blockquote>\nBevallom \u0151szint\u00e9n, hogy nekem g\u0151z\u00f6m sincs. Engem elfelejtettek t\u00e1j\u00e9koztatni, hogy igaz\u00e1b\u00f3l mire is szavaztam vas\u00e1rnap.\n\nSok mindenr\u0151l sz\u00f3lt a kamp\u00e1ny, de ennek semmi k\u00f6ze nem volt az Uni\u00f3s politik\u00e1hoz. Nem tudom mit tettek eddig az ott kint k\u00e9pvisel\u0151k. Nem tudom ki, hogyan dolgozott \u00e9s hogyan nem. Milyen jelent\u0151s\u00e9ge van annak, hogy ki k\u00e9pvisel engem ott a t\u00e1voli Br\u00fcsszelben.\nErr\u0151l nem sz\u00f3lt senki!\n\nSz\u00f3ltak a belpolitik\u00e1r\u00f3l. Arr\u00f3l, hogy EL\u00c9G. B\u00e1r azt hogy mib\u0151l el\u00e9g azt m\u00e1r nem fejtett\u00e9k ki. Azt\u00e1n elmondt\u00e1k, hogy India az indi\u00e1nok\u00e9. Illetve retrost\u00edlusban ugyan, de \u00fajult az er\u0151. K\u00e9rt\u00e9k, hogy legyek egy kett\u0151sz\u00e1z ezerb\u0151l \u00e9s, hogy a politika lehet m\u00e1sk\u00e9pp is \u00e9s m\u00e9gsem. Persze mindenki monnyon le \u00e9s legyenek el\u0151rehozott v\u00e1laszt\u00e1sok.\n\nMindenr\u0151l volt sz\u00f3 csak arr\u00f3l nem, hogy ennek mi k\u00f6ze van az uni\u00f3s politik\u00e1hoz. Mi\u00e9rt van befoly\u00e1sa a tehenek tejtermel\u00e9s\u00e9re, hogy milyen eredm\u00e9nnyel z\u00e1rul az Eur\u00f3pai Parlamenti v\u00e1laszt\u00e1s? Mi k\u00f6ze a M\u00e9zga Kriszt\u00e1nak a pisil\u0151 kisfi\u00fahoz? Illetve lesz-e olimpia Pirip\u00f3cson? Mi\u00e9rt besz\u00e9lnek m\u00e1sr\u00f3l a kamp\u00e1ny alatt, mint amir\u0151l t\u00e9nyleg sz\u00f3l a v\u00e1laszt\u00e1s? Pontosabban a l\u00e9nyegr\u0151l mi\u00e9rt nem besz\u00e9lnek? Hiszen csak azt nem tudtam meg, hogy a k\u00e9pvisel\u0151k mit tettek \u00e9s mit nem tettek \u00e9rtem ott kint.\n\nDe l\u00e1tom a j\u00f6v\u0151 hetek politikai ir\u00e1ny\u00e1t.\n\nMeccs volt vas\u00e1rnap a Bivalyterelget\u0151i focip\u00e1ly\u00e1n is. Mivel kikapott a csapat az alpolg\u00e1rmester k\u00f6z\u00f6lte, hogy EL\u00c9G \u00e9s a polg\u00e1rmester monnyon le! Este a kocsma tekep\u00e1ly\u00e1j\u00e1n zajl\u00f3 verseng\u00e9sben kikapott a j\u00f3kedv\u0171 polg\u00e1rmester. Az alpolg\u00e1rmester ez\u00e9rt k\u00f6vetelte azonnali lemond\u00e1s\u00e1t \u00e9s el\u0151rehozott v\u00e1laszt\u00e1sokat. Egy egyszem\u00e9lyes p\u00e1rt - akinek a vezet\u0151je \u00e9s egyetlen tagja egy bivalyterelget\u0151 - ezalatt azt hangoztatta, hogy Bivalyterelget\u0151 a bivalyterelget\u0151k\u00e9. A polg\u00e1rmester nem komment\u00e1lta ezeket.\nCsak - j\u00f3l vagy rosszul - v\u00e9gezte tov\u00e1bb a dolg\u00e1t.\n\nJ\u00f3 munk\u00e1t \u00e9s j\u00f3 utat a megv\u00e1lasztottaknak! Lesz dolguk b\u0151ven.\nMi?\nNem tudod?\nTe sem?\nTal\u00e1n majd \u00f6t \u00e9v m\u00falva.\n\nSzerintem...","type":"rich"}