{"version":"1.0","provider_name":"Szerintem...","provider_url":"https:\/\/szerintem.cafeblog.hu","author_name":"k\u00f6k\u00e9ny","author_url":"https:\/\/szerintem.cafeblog.hu\/author\/kokeny\/","title":"Ment\u0151cs\u00f3nak","html":"<h4>avagy, t\u00fal\u00e9l\u00e9si praktik\u00e1k korm\u00e1nyv\u00e1lt\u00e1s idej\u00e9re<\/h4>\r\n<h3><\/h3>\r\n<h3><span style=\"line-height: 150%;color: black\"><img src=\"https:\/\/szerintem.cafeblog.hu\/files\/2010\/02\/LIFERINGok-.jpg\" alt=\"\" width=\"140\" height=\"125\" \/><\/span><\/h3>\r\n<h5><span style=\"line-height: 150%;color: black\">Nem kell nagy j\u00f3stehets\u00e9gnek lenni ahhoz, hogy l\u00e1ssuk ki lesz Magyarorsz\u00e1g k\u00f6vetkez\u0151 minisztereln\u00f6ke.\r\nSok \u00e9v korm\u00e1nyzati poz\u00edci\u00f3 ut\u00e1n a r\u00e9gi p\u00e1rtkaton\u00e1knak visszavonul\u00f3t f\u00fajnak a k\u00f6zigazgat\u00e1sban. \u00c9s \u0151k rendezett sorokban menek\u00fclnek a s\u00fcllyed\u0151 haj\u00f3r\u00f3l.<\/span><\/h5>\r\n<!--more-->\r\n<div style=\"line-height: 150%;margin: 0 0 10pt\"><span style=\"line-height: 150%;color: black\">\r\nVagy?\r\nVagy megpr\u00f3b\u00e1lj\u00e1k t\u00fal\u00e9lni ezt is, hiszen \u2013 mint azt a Tan\u00fab\u00f3l megtanulhattuk \u2013 vannak olyan szakemberek, akikre minden rendszernek sz\u00fcks\u00e9ge van.<\/span><\/div>\r\n<div style=\"line-height: 150%;margin: 0 0 10pt\"><span style=\"line-height: 150%;color: black\">\u0150k azok, akik szemrebben\u00e9s n\u00e9lk\u00fcl tesznek h\u0171s\u00e9gesk\u00fct b\u00e1rkinek, akit a politika f\u00f6l\u00e9b\u00fck rak. Csakhogy az \u00edr\u00f3asztaluk megmaradjon. Iratokat tesznek a fi\u00f3kjaik alj\u00e1ra, hogy a megfelel\u0151 pillanatban h\u0171s\u00e9g\u00fck z\u00e1logak\u00e9nt \u00e1tadj\u00e1k a gazd\u00e1juk ellenfel\u00e9nek. Hiszen j\u00f3l eml\u00e9keznek a m\u00faltra. A politikai nagytakar\u00edt\u00e1sra. Tanultak bel\u0151le. Megtanult\u00e1k, hogy a szorgosan \u00f6ssze\u00e1ll\u00edtott feketelist\u00e1nak egy fontos momentumnak kell megfelelnie, hogy az \u0151 nev\u00fck ne legyen rajta. Nem akarnak \u0151k hatalmat vagy poz\u00edci\u00f3t, csak szeretn\u00e9k sz\u00fcrke eminenci\u00e1sk\u00e9nt kih\u00fazni a nyugd\u00edjig.\r\nDe t\u00e9vednek, mert \u2013 lehet, hogy nem az els\u0151 k\u00f6rben, de a m\u00e1sodikban biztos \u2013 \u00fagyis kirakj\u00e1k \u0151ket a felt\u00f6rekv\u0151 fiataloknak teret \u00edg\u00e9r\u0151 p\u00e1rtszolg\u00e1k. Hiszen ki akar egy olyan embert a k\u00f6zel\u00e9ben tudni, aki egy t\u00e1l lencs\u00e9\u00e9rt az anyj\u00e1t is eladn\u00e1?<\/span><\/div>\r\n<div style=\"line-height: 150%;margin: 0 0 10pt\"><span style=\"line-height: 150%;color: black\">Az \u00e1llami c\u00e9gek vezet\u0151i igyekeznek egy h\u00e1ts\u00f3val k\u00e9t lovat meg\u00fclni. Am\u00edg egyik kez\u00fckkel t\u00e1mogatj\u00e1k a m\u00e9g regn\u00e1l\u00f3 hatalmat addig a m\u00e1sikkal m\u00e1r szorgosan jegyzetelnek, hogy h\u0171s\u00e9g\u00fck jelek\u00e9nt \u00e1tadhass\u00e1k, hogy kiknek adtak b\u0151 k\u00e9zzel \u2013 \u00e9s b\u0151 ny\u00e1llal - a k\u00f6zvagyonb\u00f3l. Az irod\u00e1juk fal\u00e1r\u00f3l elt\u00fcntett\u00e9k a kompromitt\u00e1l\u00f3 fot\u00f3kat \u00e9s k\u00f6zvetlen k\u00f6rnyezet\u00fckb\u0151l kir\u00fagt\u00e1k a r\u00f3luk sokat sejt\u0151ket.<\/span><\/div>\r\n<div style=\"line-height: 150%;margin: 0 0 10pt\"><span style=\"line-height: 150%;color: black\">A politikusok m\u00e1r kor\u00e1n meg\u00e9rezt\u00e9k az \u00faj id\u0151k h\u00edv\u00f3 szav\u00e1t. L\u00e1tv\u00e1nyos keretek k\u00f6z\u00f6tt hagyt\u00e1k sors\u00e1ra a sz\u00e9ngondokkal k\u00fczd\u0151 haj\u00f3t. Akadt, aki r\u00f6vid id\u0151re \u00e1tmentette mag\u00e1t \u2013 vagy j\u00f3akar\u00f3i \u00e1tmentett\u00e9k - egy m\u00e1sik poz\u00edci\u00f3ba abban rem\u00e9nykedve, hogy ott tal\u00e1n nem d\u0151l r\u00e1 a k\u00e1rtyav\u00e1r. S tal\u00e1n nem \u00e9rik utol a botr\u00e1nyok. B\u00edzva abban, hogy el\u00e9g lesz a p\u00e1rtj\u00e1nak csak egy vez\u00e9r\u00e1ldozatot hozni. De ami a legfontosabb, hogy nem \u0151 lesz az.\r\n\u00cdgy m\u00e9g visszat\u00e9rhet \u2013 mondjuk - mint f\u0151polg\u00e1rmester-jel\u00f6lt.<\/span><\/div>\r\n<div style=\"line-height: 150%;margin: 0 0 10pt\"><span style=\"line-height: 150%;color: black\">Akadtak, akik egy eg\u00e9sz p\u00e1rtot menek\u00edtettek a m\u00e1sik oldalra. Na, nem t\u00fal nagyot, de p\u00e1rtot. Olyat, amelyik \u00e9vekig, nyakig benne volt a hatalom b\u0171z\u00f6ss\u00e9 v\u00e1lt mocsar\u00e1ban. Ma m\u00e1r \u2013 tiszt\u00e1nak \u00e9rezve magukat - ott vir\u00edtanak egy lehets\u00e9ges koal\u00edci\u00f3s partner jobbj\u00e1n, mint egy \u00f6r\u00f6kk\u00e9 h\u0171 h\u00e1zast\u00e1rs.<\/span><\/div>\r\n<div style=\"line-height: 150%;margin: 0 0 10pt\"><span style=\"line-height: 150%;color: black\">De a szaguk ugyanaz!<\/span><\/div>\r\n<div style=\"line-height: 150%;margin: 0 0 10pt\"><span style=\"line-height: 150%;color: black\">Szerintem\u2026<\/span><\/div>","type":"rich"}