{"version":"1.0","provider_name":"Szerintem...","provider_url":"https:\/\/szerintem.cafeblog.hu","author_name":"k\u00f6k\u00e9ny","author_url":"https:\/\/szerintem.cafeblog.hu\/author\/kokeny\/","title":"Haza\u00e1rul\u00f3k...","html":"<h4>Az \u00e9hs\u00e9gmenet Br\u00fcsszelbe megy<\/h4>\r\n<a href=\"https:\/\/szerintem.cafeblog.hu\/files\/2013\/01\/420421_10150709231145446_1438817408_a.jpg\"><img class=\"alignnone size-full wp-image-76\" src=\"https:\/\/szerintem.cafeblog.hu\/files\/2013\/01\/420421_10150709231145446_1438817408_a.jpg\" alt=\"\" width=\"180\" height=\"140\" \/><!--more--><\/a>\r\n<blockquote>\r\n<h5><em>\u201c\u00c9s aki sz\u00e1z meg sz\u00e1zezert rabol,<\/em>\r\n<em>B\u00edr\u00e1ja l\u00e9szen annak, akit a<\/em>\r\n<em>Sz\u00fcks\u00e9g garast rabolni k\u00e9nyszer\u00edtett.\u201d<\/em>\r\n- Katona J\u00f3zsef -<\/h5>\r\n<\/blockquote>\r\n\u00d6sszepakoltam a h\u00e1tizs\u00e1kom. Lemostam a bakancsomr\u00f3l az \u00fat por\u00e1t. Meggy\u00f3gyult a sarkam is \u00e9s leesett p\u00e1r l\u00e1bujjk\u00f6rm\u00f6m, de \u00fajra menetk\u00e9sz vagyok. Most kicsit messzebbre megy\u00fcnk. Br\u00fcsszelbe utazunk, hogy folytassuk, amit egy h\u00f3napja elkezdt\u00fcnk. Vannak k\u00f6zt\u00fcnk, akik Borsod megy\u00e9t sem hagyt\u00e1k m\u00e9g el ezeddig, nemhogy az orsz\u00e1got. Kaptunk egy megtisztel\u0151 megh\u00edv\u00e1st. Az Eur\u00f3pai Parlament eln\u00f6k\u00e9t\u0151l. Ezzel ismerik el azt a teljes\u00edtm\u00e9nyt, amit ez a tucatnyi magyar, \u00f6nfel\u00e1ldoz\u00f3an megl\u00e9pett. Nem \u00f6nmaguk\u00e9rt, hanem egy \u00fcgy\u00e9rt. A szeg\u00e9nyek\u00e9rt \u00e9s kil\u00e1t\u00e1stalan helyzetbe ker\u00fcltek\u00e9rt.\r\nA tisztess\u00e9g\u00e9rt.\r\n\r\nMikor megeml\u00edtettem utamat \u00f6reg bar\u00e1tomnak \u2013 aki n\u00e9pnemzeti be\u00e1ll\u00edtotts\u00e1g\u00fa \u2013 r\u00f6gt\u00f6n r\u00e1v\u00e1gta, hogy ha kimegyek \u00e1rulkodni, akkor haza\u00e1rul\u00f3 vagyok \u00e9s nem \u00e1ll velem t\u00f6bbet sz\u00f3ba. M\u00e9g itthon vagyok, de m\u00e1r nem besz\u00e9l\u00fcnk. M\u00e1sok azt h\u00e1nytorgatt\u00e1k fel nekem, hogy assziszt\u00e1ltam egy MSZP-s rendezv\u00e9nyhez. Csak azt tudom, amit meg\u00e9ltem \u00e9s l\u00e1ttam. Voltak politikusok is a menetben, akik v\u00e9gre nem sz\u00e9p szavakkal, hanem tettekkel politiz\u00e1ltak. \u00c9s nem csak MSZP-sek. Volt ott mindenf\u00e9le szervez\u0151d\u00e9s k\u00e9pviselet\u00e9ben csendben vagy \u00e9pp hangosan vonul\u00f3. A Szocik pedig \u2013 tal\u00e1n lelki-ismeretfurdal\u00e1sukt\u00f3l vez\u00e9relve \u2013 profikhoz ill\u0151en szervezt\u00e9k meg a pihen\u0151ket \u00e9s a sz\u00e1ll\u00e1sokat.\r\nTekints\u00fck ezt az \u0151 kanossza-j\u00e1r\u00e1suknak vagy term\u00e9szetbeni ad\u00f3-visszat\u00e9r\u00edt\u00e9snek. Szerintem mindegy is, hiszen a l\u00e9nyeg, hogy ott voltak \u00e9s a gyalogl\u00e1s k\u00f6zben int\u00e9zt\u00e9k a tornatermet, ahol aludhattunk. A vacsor\u00e1t, aminek az \u00e1r\u00e1t a konyh\u00e1s n\u00e9nik dobt\u00e1k \u00f6ssze. A gy\u00f3gy- \u00e9s k\u00f6tszereket, amit nem engedett kifizetni a patikus h\u00f6lgy, aki sosem volt szoci. Mert sokan voltak mellett\u00fcnk, akik csal\u00f3dtak a r\u00e9gi \u00e9s az \u00faj korm\u00e1nyer\u0151kben is.\r\n\r\nEz a menet v\u00e9gre nem valami ellen indult el. Ezek az emberek az \u00e9lhet\u0151 orsz\u00e1gunk\u00e9rt indultak el a fagyos aszfalton. Valami\u00e9rt, amit mindenki meg\u00edg\u00e9rt, de csup\u00e1n a maguk \u00e9rdekeit tartott\u00e1k a szem\u00fck el\u0151tt. Folyamatosan rosszabb volt, de t\u0171rtek, mert mindig b\u00edztak valamiben. Azt\u00e1n m\u00e1ra a jogaikkal egy\u00fctt elfogyott a bizalom is. A p\u00f6khendi len\u00e9z\u00e9st, m\u00e1r nem t\u0171rt\u00e9k. Cselekedt\u00fcnk. Halkan, de hat\u00e1rozott l\u00e9ptekkel megindultunk valami fel\u00e9. Majd egyre t\u00f6bben lett\u00fcnk \u00e9s m\u00e1r nem voltunk csendesek. A hatalom legnagyobb b\u00e1nat\u00e1ra, kinyitottuk a pof\u00e1nkat. \u00dagy \u0151szint\u00e9n. Sz\u00edvb\u0151l j\u00f6v\u0151en. \u00d6szt\u00f6nb\u0151l. Hitb\u0151l. Meggy\u0151z\u0151d\u00e9sb\u0151l. \u00dagy kezdt\u00fcnk el politiz\u00e1lni, hogy nem is tudtuk mi az. De kimondtuk v\u00e9gre, amit egyik p\u00e1rtpolitikus sem szeretne hallani. Nem j\u00f3l v\u00e9gzitek a dolgotokat! Hazudoztok egym\u00e1snak \u00e9s nek\u00fcnk is. S\u00e1rral dob\u00e1lj\u00e1tok egym\u00e1st, amib\u0151l r\u00e1nk is fr\u00f6ccsen, majd beter\u00edt. K\u00e9ptelenek vagytok k\u00f6z\u00f6s c\u00e9lok\u00e9rt egy emberk\u00e9nt \u2013 magyark\u00e9nt - tenni. Dolgozni. Mert nektek nem mi vagyunk a fontosak. Hiszen ha azok lenn\u00e9nk, itt gyalogoltatok volna vel\u00fcnk a sorban.\r\nDe nem tett\u00e9tek!\r\n\r\nKimegy\u00fcnk Br\u00fcsszelbe, mert sz\u00f3lnunk kell az uraknak, hogy ne a kisembereket b\u00fcntess\u00e9k, ami\u00e9rt nem emeltek sz\u00f3t mikor m\u00e9g lehetett volna. Az a k\u00e9tharmad, nem az orsz\u00e1g k\u00e9tharmada. Az csup\u00e1n a szavazatok sz\u00e1m\u00e1b\u00f3l kialakult ar\u00e1ny. Sokan nem mentek el szavazni, mert nem volt kire. Egyik kutya, m\u00e1sik egy h\u00edj\u00e1n h\u00fasz volt. Akkor? Kire? Nem mindegy? A sz\u00edne ugyanaz. A csendesek most m\u00e1r hallatj\u00e1k a hangjukat, mert m\u00e1r saj\u00e1t b\u0151r\u00fck\u00f6n \u00e9rzik a nyomor \u00e9get\u0151 hideg\u00e9t. Szembej\u00f6n vel\u00fck az utc\u00e1n. Nem k\u00f6sz\u00f6n, csak elvesz. Elcseni szertefoszl\u00f3 \u00e1lmainkat. Kiforgat b\u00e9k\u00e9s \u00e9let\u00fckb\u0151l. Elveszi az \u00f6nbecs\u00fcl\u00e9s\u00fcnket. Elrabolja az ap\u00e1k erej\u00e9t \u00e9s az any\u00e1k kitart\u00e1s\u00e1t.\r\n\r\nSz\u00f3lnunk kell, m\u00edg nem k\u00e9s\u0151! Mert nem azokon csattan majdan majd az ostor, akiken kellene! Hiszen az \u00faj alapt\u00f6rv\u00e9ny kimondja, hogy a korm\u00e1nyzat nem v\u00e1llal felel\u0151ss\u00e9get tettei\u00e9rt. Minden retorzi\u00f3t az ad\u00f3fizet\u0151 \u00e1llampolg\u00e1roknak kell elviselni. Ha \u0151k h\u00fcly\u00e9k, akkor minket visznek a dilih\u00e1zba? Az nekik j\u00f3, ha megb\u00fcntetnek minket, hiszen lesz kire fogni a bajokat. Lesz egy k\u00f6z\u00f6s ellens\u00e9gk\u00e9p. Megt\u00e1madtak minket a gyarmatos\u00edt\u00f3k \u00e9s mi egy\u00fcttes er\u0151vel kell, hogy megv\u00e9dj\u00fck magunkat. Aki pedig h\u00e1bor\u00faellenes-b\u00e9kep\u00e1rti-pacifista, az haza\u00e1rul\u00f3! Ismer\u0151s? L\u00e1ttunk m\u00e1r ilyet. Egykor N\u00e9metorsz\u00e1gban, de nem olyan r\u00e9gen Ausztri\u00e1ban is. Mikor az Uni\u00f3 politikai szankci\u00f3kat alkalmazott J\u00f6rg Haider kijelent\u00e9sei miatt, akkor pont az ellenkez\u0151 hat\u00e1st \u00e9rt\u00e9k el, mint amire sz\u00e1m\u00edtottak. Az osztr\u00e1kok \u00f6sszez\u00e1rtak a Szabads\u00e1g P\u00e1rt m\u00f6g\u00f6tt \u00e9s egy\u00fcttes er\u0151vel az EU ellen fordultak. Valami hasonl\u00f3ra sz\u00e1m\u00edt Orb\u00e1n Viktor is.\r\nEzt a sanszot nem szabad megkapnia!\r\n\r\nNe b\u00fcntessenek minket, se elvon\u00e1sokkal, se az Orb\u00e1ni rezsim meger\u0151s\u00edt\u00e9s\u00e9vel, hiszen egyikb\u0151l k\u00f6vetkezik a m\u00e1sik. Ne \u00f6ntsenek olajat a hatalom \u00e1ltal gerjesztett t\u0171zre, mert azok k\u00f6zt a l\u00e1ngok k\u00f6zt v\u00e1lik hamuv\u00e1 a magyarorsz\u00e1gi demokr\u00e1cia is! Tal\u00e1lj\u00e1k meg a m\u00f3dj\u00e1t, hogy a mindenkori korm\u00e1nyokt\u00f3l f\u00fcggetlen\u00fcl t\u00e1mogassanak \u00fcgyeket \u00e9s felz\u00e1rk\u00f3ztat\u00f3 programokat! Legyenek jelen a magyar val\u00f3s\u00e1gban er\u0151sebben! J\u00f6jjenek el hozz\u00e1nk \u00e9s l\u00e1ss\u00e1k a saj\u00e1t szem\u00fckkel mi folyik az orsz\u00e1gunkban! Tal\u00e1ljunk k\u00f6z\u00f6s megold\u00e1st a mindenkori hatalomt\u00f3l \u00e9s politikai elitt\u0151l f\u00fcggetlen\u00fcl!\r\n\r\nEz haza\u00e1rul\u00e1s? Esetleg haza\u00e1rulkod\u00e1s?\r\nEz Tiborc panasza.\r\n<blockquote>\u201eIstenem! mi haszna! ha\r\nSzorongat a szeg\u00e9nys\u00e9g: a pokolt\r\nNem f\u00e9lj\u00fck - a mennyorsz\u00e1g sem j\u00f6n oly\r\nSz\u00e9p sz\u00ednben a szem\u00fcnk el\u00e9be.\u201d<\/blockquote>\r\n<h6 style=\"text-align: right\">Szerintem...<\/h6>","type":"rich"}