{"version":"1.0","provider_name":"Szerintem...","provider_url":"https:\/\/szerintem.cafeblog.hu","author_name":"k\u00f6k\u00e9ny","author_url":"https:\/\/szerintem.cafeblog.hu\/author\/kokeny\/","title":"\u00c1ssuk ki Nagy Imr\u00e9t!","html":"<h4><span style=\"font-size: 1em\">\u00d6ssze\u00fcltek az ellenz\u00e9ki kerekasztal lovagjai<\/span><\/h4>\r\n<a href=\"https:\/\/szerintem.cafeblog.hu\/files\/2013\/01\/32052_438871015445_5437423_a.jpg\"><img class=\"alignnone size-full wp-image-2040606\" src=\"https:\/\/szerintem.cafeblog.hu\/files\/2013\/01\/32052_438871015445_5437423_a.jpg\" alt=\"\" width=\"180\" height=\"145\" \/><\/a>\r\n\r\n<!--more-->\r\n\r\nIgaz ma m\u00e1r nem fiatalok. \u00c9s nem is demokrat\u00e1k, de m\u00e9g tal\u00e1n sz\u00f6vets\u00e9gben vannak egym\u00e1ssal. \u00a0Sokan hi\u00e1nyoznak a r\u00e9gi ifjak k\u00f6z\u00fcl. Van, aki \u00fajra egy m\u00e1sik p\u00e1rtot ir\u00e1ny\u00edt. Akad, aki a k\u00f6zel\u00e9be sem megy m\u00e1r a politik\u00e1nak. Csak a p\u00e9nznek. \u00c9s akad olyan is, akire m\u00e1r senki nem eml\u00e9kszik, mert megtiltott\u00e1k. De a kitart\u00f3ak - akiknek nem tud meszesedni a gerinc\u00fck \u00e9s szelekt\u00edv a mem\u00f3ri\u00e1juk - azok itt vannak.\r\n\r\nA f\u0151helyen Viktor \u00fclt, aki mostans\u00e1g egyre t\u00fcrelmetlenebb\u00fcl v\u00e1rja, hogy a nemzet megment\u0151je szerep\u00e9ben v\u00e9gig lovagolhasson feh\u00e9r p\u00f3nilov\u00e1n az Andr\u00e1ssy \u00faton Pestre. Igaz tan\u00e1csad\u00f3i csit\u00edtj\u00e1k, hogy az az\u00e9rt nem lenne olyan j\u00f3, mert m\u00e9g kiss\u00e9 neh\u00e9z lenne kivonni az orsz\u00e1got a vil\u00e1gv\u00e1ls\u00e1g hat\u00e1sa al\u00f3l, de \u0151 ennyire nem \u00e9rt ezekhez a mai k\u00f6zgazd\u00e1sz h\u00f3kusz-p\u00f3kuszokhoz.\r\n\u0150 csup\u00e1n Marxot tanult anno.\r\n\r\n- Tisztelt h\u00f6lgyeim\u00e9suraim! \u00d6tletek? \u2013 k\u00e9rdezte t\u00f6m\u00f6ren \u00e9s k\u00f6rbe n\u00e9zett. Ker\u00fclt\u00e9k a tekintet\u00e9t. A magasabbak \u2013 teh\u00e1t mindenki - igyekeztek \u00f6sszet\u00f6p\u00f6r\u00f6dni. \u2013 Csak b\u00e1tran! Ma megengedem. - mondta viccesnek sz\u00e1nt vicsorral.\r\nSenki nem sz\u00f3lt. Csak a sarokban egy pinc\u00e9r fi\u00fa n\u00e9zett egyenesen a szem\u00e9be, majd nagyon lassan, b\u00e1tortalanul emelte fel a kez\u00e9t. A minisztereln\u00f6k k\u00e9nytelen kelletlen biccent\u00e9s\u00e9vel megadta a sz\u00f3t a t\u00e1lc\u00e1j\u00e1t szorongat\u00f3 \u00f6ngyilkosjel\u00f6ltnek.\r\n\r\n- Csak k\u00e9rdezn\u00e9k. Ha lehet... - K\u00f6h\u00e9csel\u00e9s jelezte, hogy ez tiszteletlens\u00e9gnek sz\u00e1m\u00edt ebben a demokratikus p\u00e1rtban. K\u00e9rdezni? Viktort\u00f3l?\r\n- Tegye! - b\u00edztatta letol\u00e1ssal a hangj\u00e1ban Viktor.\r\n- Mikor volt a legn\u00e9pszer\u0171bb a minisztereln\u00f6k \u00far?\r\nAz asztaln\u00e1l halk moraj jelezte a r\u00e9sztvev\u0151k nem tetsz\u00e9s\u00e9t. Az egyik h\u00f6lgy keresg\u00e9lni kezdett a kez\u00e9ben l\u00e9v\u0151 iratok k\u00f6z\u00f6tt, majd a korm\u00e1nyf\u0151 el\u00e9 tette az egyik \u00f6sszef\u0171z\u00f6tt dosszi\u00e9t. Viktor belen\u00e9zett \u00e9s kijelentette, hogy huszonn\u00e9gy \u00e9ve.\r\nA pinc\u00e9r nem sz\u00f3lt csak v\u00e1rt. H\u00e1tha meg\u00e9rtik, mire akar kilyukadni.\r\nDe hi\u00e1ba.\r\n\r\nA minisztereln\u00f6k \u2013 mivel r\u00f3la volt sz\u00f3 \u2013 \u00e9rdekl\u0151dve figyelte a fejlem\u00e9nyeket.\r\nA fi\u00fa \u00fajra k\u00e9rdezett.\r\n- Mit tettek akkor az ismerts\u00e9g\u00e9rt \u00e9s a n\u00e9pszer\u0171s\u00e9g\u00e9rt?\r\nAz okosok egym\u00e1ssal kezdtek vit\u00e1zgatni, de p\u00e1rtunk \u00e9s korm\u00e1nyunk feje el\u00e9be ment a tal\u00e1lgat\u00e1soknak.\r\n- Igaz\u00e1b\u00f3l nem kellett semmit sem tenni. \u2013 v\u00e1laszolta. \u2013 Az akkoriban t\u00f6rt\u00e9nelmi helyzet volt, ami sodort minket mag\u00e1val. \u2013 jelentette ki.\r\nA pinc\u00e9r ekkor feltette utols\u00f3 k\u00e9rd\u00e9s\u00e9t.\r\n- \u00c9s most nem lehetne \u00fajra t\u00f6rt\u00e9nelmi helyzetet csin\u00e1lni?\r\n\r\nAz asztalt\u00e1rsas\u00e1g m\u00e9hkask\u00e9nt bolydult fel. \u00daj rendszerv\u00e1lt\u00e1s? De milyen rendszer legyen?\r\n- \u00c9n nem veretem meg magam \u00fajra a zsarukkal! \u2013 jelentette ki az egyik.\r\n- Most menjek Pr\u00e1g\u00e1ba lecsukatni magam vagy r\u00e1\u00e9rek a j\u00f6v\u0151 h\u00e9ten? \u2013 k\u00e9rdezte a m\u00e1sik.\r\n- Meg van a megold\u00e1s, tisztelt h\u00f6lgyeim \u00e9s uraim! - csit\u00edtotta \u0151ket a vez\u00e9r. - \u00c1ssuk ki \u00fajra Nagy Imr\u00e9t!\r\nA d\u00f6bbent csendet csak egy v\u00e9konyka hang t\u00f6rte meg.\r\n- Minek?\r\n- Mert akkor \u00fajra eltemethetn\u00e9nk.\r\n- Nem \u00e9rtem. \u2013 mondta \u00fajra a c\u00e9rnahang.\r\n- Mit nem \u00e9rtesz Zsuzsika? Ki\u00e1ssuk. Majd \u00fajratemetj\u00fck \u00e9s akkor Viktor ism\u00e9t elmondhatja a legh\u00edresebb rendszerv\u00e1lt\u00f3 besz\u00e9d\u00e9t.\r\n- Ja? Ja. Ja! ... \u00c9rtem!!! \u2013 mondta kerekre ny\u00edlt szemmel Zsuzsika, de fogalma sem volt. Ez\u00e9rt megint k\u00e9rdezett. \u2013 \u00c9s az oroszokat is visszah\u00edvjuk, hogy ism\u00e9t k\u00f6vetelhessed a kivonul\u00e1sukat?\r\nK\u00f6v\u00e9r szemmel l\u00e1that\u00f3an komolyan elgondolkodott ezen az \u00f6tleten.\r\n\u2013 V\u00e9g\u00fcl is\u2026 Ha m\u00e1r elkezdt\u00fck \u00fajraj\u00e1tszani a t\u00f6rt\u00e9nelmet, akkor ez is belef\u00e9rhet.\r\n\u2013 Ez az\u00e9rt t\u00falz\u00e1s lenne! Nem? \u2013 csattant fel Tam\u00e1s. - A rend\u0151rattak \u00e9s a t\u00e9v\u00e9ostrom m\u00e9g rendben. De az orosz katon\u00e1kat, k\u00e9rlek ne! \u2013 n\u00e9zett k\u00f6ny\u00f6rg\u0151en a f\u0151n\u00f6k\u00e9re.\r\n\r\nDe Viktor nem sz\u00f3lt.\r\nCsak a szem\u00e9ben gyulladt valami furcsa f\u00e9ny.\r\n<h6 style=\"text-align: right\">Szerintem...<\/h6>","type":"rich"}